{"id":60,"date":"2010-01-15T22:10:36","date_gmt":"2010-01-15T22:10:36","guid":{"rendered":"http:\/\/neu.musikverein-wustweiler.de\/?page_id=60"},"modified":"2026-03-09T23:15:36","modified_gmt":"2026-03-09T23:15:36","slug":"das-dorfbandprojekt","status":"publish","type":"page","link":"http:\/\/www.musikverein-wustweiler.de\/?page_id=60","title":{"rendered":"&#8222;Dorfband&#8220; Wustweiler"},"content":{"rendered":"<h2><strong>&#8222;Hallo, wir sind die DORFBAND&#8220;<a href=\"https:\/\/www.musikverein-wustweiler.de\/?attachment_id=2774\" rel=\"attachment wp-att-2774\"><img loading=\"lazy\" class=\"size-medium wp-image-2774 alignleft\" src=\"http:\/\/www.musikverein-wustweiler.de\/wp-content\/uploads\/2026\/03\/WDB_Logo_Vector_color_RGB-300x212.png\" alt=\"\" width=\"300\" height=\"212\" srcset=\"http:\/\/www.musikverein-wustweiler.de\/wp-content\/uploads\/2026\/03\/WDB_Logo_Vector_color_RGB-300x212.png 300w, http:\/\/www.musikverein-wustweiler.de\/wp-content\/uploads\/2026\/03\/WDB_Logo_Vector_color_RGB-1024x724.png 1024w, http:\/\/www.musikverein-wustweiler.de\/wp-content\/uploads\/2026\/03\/WDB_Logo_Vector_color_RGB-768x543.png 768w, http:\/\/www.musikverein-wustweiler.de\/wp-content\/uploads\/2026\/03\/WDB_Logo_Vector_color_RGB-1536x1086.png 1536w, http:\/\/www.musikverein-wustweiler.de\/wp-content\/uploads\/2026\/03\/WDB_Logo_Vector_color_RGB-2048x1448.png 2048w, http:\/\/www.musikverein-wustweiler.de\/wp-content\/uploads\/2026\/03\/WDB_Logo_Vector_color_RGB-424x300.png 424w\" sizes=\"(max-width: 300px) 100vw, 300px\" \/><\/a><\/strong><\/h2>\n<h2><a href=\"http:\/\/www.musikverein-wustweiler.de\/wp-content\/uploads\/2022\/10\/IMG_6161-scaled.jpg\"><br \/><img loading=\"lazy\" class=\"aligncenter wp-image-2570 size-large\" src=\"http:\/\/www.musikverein-wustweiler.de\/wp-content\/uploads\/2022\/10\/IMG_6161-1024x768.jpg\" alt=\"\" width=\"584\" height=\"438\" srcset=\"http:\/\/www.musikverein-wustweiler.de\/wp-content\/uploads\/2022\/10\/IMG_6161-1024x768.jpg 1024w, http:\/\/www.musikverein-wustweiler.de\/wp-content\/uploads\/2022\/10\/IMG_6161-300x225.jpg 300w, http:\/\/www.musikverein-wustweiler.de\/wp-content\/uploads\/2022\/10\/IMG_6161-768x576.jpg 768w, http:\/\/www.musikverein-wustweiler.de\/wp-content\/uploads\/2022\/10\/IMG_6161-1536x1152.jpg 1536w, http:\/\/www.musikverein-wustweiler.de\/wp-content\/uploads\/2022\/10\/IMG_6161-2048x1536.jpg 2048w, http:\/\/www.musikverein-wustweiler.de\/wp-content\/uploads\/2022\/10\/IMG_6161-400x300.jpg 400w\" sizes=\"(max-width: 584px) 100vw, 584px\" \/><br \/><\/a><strong><a href=\"https:\/\/www.musikverein-wustweiler.de\/?attachment_id=2764\" rel=\"attachment wp-att-2764\"><img loading=\"lazy\" class=\"alignright size-large wp-image-2764\" src=\"http:\/\/www.musikverein-wustweiler.de\/wp-content\/uploads\/2026\/03\/IMG_0490-1024x768.jpeg\" alt=\"\" width=\"584\" height=\"438\" srcset=\"http:\/\/www.musikverein-wustweiler.de\/wp-content\/uploads\/2026\/03\/IMG_0490-1024x768.jpeg 1024w, http:\/\/www.musikverein-wustweiler.de\/wp-content\/uploads\/2026\/03\/IMG_0490-300x225.jpeg 300w, http:\/\/www.musikverein-wustweiler.de\/wp-content\/uploads\/2026\/03\/IMG_0490-768x576.jpeg 768w, http:\/\/www.musikverein-wustweiler.de\/wp-content\/uploads\/2026\/03\/IMG_0490-1536x1152.jpeg 1536w, http:\/\/www.musikverein-wustweiler.de\/wp-content\/uploads\/2026\/03\/IMG_0490-2048x1536.jpeg 2048w, http:\/\/www.musikverein-wustweiler.de\/wp-content\/uploads\/2026\/03\/IMG_0490-400x300.jpeg 400w\" sizes=\"(max-width: 584px) 100vw, 584px\" \/><\/a><a href=\"https:\/\/www.musikverein-wustweiler.de\/?attachment_id=2765\" rel=\"attachment wp-att-2765\"><img loading=\"lazy\" class=\"alignright size-large wp-image-2765\" src=\"http:\/\/www.musikverein-wustweiler.de\/wp-content\/uploads\/2026\/03\/IMG_9331-1024x768.jpeg\" alt=\"\" width=\"584\" height=\"438\" srcset=\"http:\/\/www.musikverein-wustweiler.de\/wp-content\/uploads\/2026\/03\/IMG_9331-1024x768.jpeg 1024w, http:\/\/www.musikverein-wustweiler.de\/wp-content\/uploads\/2026\/03\/IMG_9331-300x225.jpeg 300w, http:\/\/www.musikverein-wustweiler.de\/wp-content\/uploads\/2026\/03\/IMG_9331-768x576.jpeg 768w, http:\/\/www.musikverein-wustweiler.de\/wp-content\/uploads\/2026\/03\/IMG_9331-1536x1152.jpeg 1536w, http:\/\/www.musikverein-wustweiler.de\/wp-content\/uploads\/2026\/03\/IMG_9331-2048x1536.jpeg 2048w, http:\/\/www.musikverein-wustweiler.de\/wp-content\/uploads\/2026\/03\/IMG_9331-400x300.jpeg 400w\" sizes=\"(max-width: 584px) 100vw, 584px\" \/><\/a><\/strong><\/h2>\n<p>\u00a0<\/p>\n<p><strong><a href=\"https:\/\/www.musikverein-wustweiler.de\/?attachment_id=2766\" rel=\"attachment wp-att-2766\"><img loading=\"lazy\" class=\"alignright size-large wp-image-2766\" src=\"http:\/\/www.musikverein-wustweiler.de\/wp-content\/uploads\/2026\/03\/IMG_0495-1024x768.jpeg\" alt=\"\" width=\"584\" height=\"438\" srcset=\"http:\/\/www.musikverein-wustweiler.de\/wp-content\/uploads\/2026\/03\/IMG_0495-1024x768.jpeg 1024w, http:\/\/www.musikverein-wustweiler.de\/wp-content\/uploads\/2026\/03\/IMG_0495-300x225.jpeg 300w, http:\/\/www.musikverein-wustweiler.de\/wp-content\/uploads\/2026\/03\/IMG_0495-768x576.jpeg 768w, http:\/\/www.musikverein-wustweiler.de\/wp-content\/uploads\/2026\/03\/IMG_0495-1536x1152.jpeg 1536w, http:\/\/www.musikverein-wustweiler.de\/wp-content\/uploads\/2026\/03\/IMG_0495-2048x1536.jpeg 2048w, http:\/\/www.musikverein-wustweiler.de\/wp-content\/uploads\/2026\/03\/IMG_0495-400x300.jpeg 400w\" sizes=\"(max-width: 584px) 100vw, 584px\" \/><\/a><\/strong><\/p>\n<p>\u00a0<\/p>\n<p><strong>Die Band-Besetzung:<\/strong><\/p>\n<p>Unsere Formation ist offen f\u00fcr alle Instrumente. Von Klarinetten bis E-Bass und Gesang, von Klavier bis Trompete und Posaunen. Der Besetzung sind keine Grenzen gesetzt. Derzeit spielen in der Stammbesetzung ca. 24 Musiker aus der ganzen Region.<\/p>\n<p><strong>Die aktuellen Mitglieder:<\/strong><\/p>\n<p style=\"text-align: left;\">Leitung: Thorsten Koch, Fabian Scheid<\/p>\n<p style=\"font-weight: 400;\"><strong>Gesang:<\/strong>\u00a0Nathalie<br \/><strong>Saxophone:<\/strong>\u00a0Henning, Matthias, Christian<br \/><strong>H\u00f6rner:<\/strong>\u00a0Andr\u00e9, Markus, Sebastian<br \/><strong>Posaune:<\/strong>\u00a0Martin<br \/><strong>Trompeten:<\/strong>\u00a0Uwe, Thorsten<br \/><strong>E-Bass:<\/strong>\u00a0Fabian, Jan<br \/><strong>Fl\u00f6ten:<\/strong>\u00a0Andrea, Julia, Rainer, Nadine, Carolin<br \/><strong>E-Gitarre:<\/strong>\u00a0Christian \u201eBeatle\u201c<br \/><strong>Tuba:<\/strong>\u00a0Philipp<br \/><strong>Klarinetten:<\/strong>\u00a0Heidi, Bruno, Patrick<br \/><strong>Schlagzeug &amp; Percussion:<\/strong>\u00a0Jenny, Kevin<br \/><strong>Technik:<\/strong>\u00a0Gerhard<\/p>\n<p>Weitere Mitglieder sind herzlich willkommen.<\/p>\n<p>Anfragen gerne an info@musikverein-wustweiler.de<\/p>\n<h2><a href=\"http:\/\/www.musikverein-wustweiler.de\/wp-content\/uploads\/2024\/07\/IMG_3673-scaled.jpeg\"><img loading=\"lazy\" class=\"aligncenter wp-image-2644 size-large\" src=\"http:\/\/www.musikverein-wustweiler.de\/wp-content\/uploads\/2024\/07\/IMG_3673-1024x768.jpeg\" alt=\"\" width=\"584\" height=\"438\" srcset=\"http:\/\/www.musikverein-wustweiler.de\/wp-content\/uploads\/2024\/07\/IMG_3673-1024x768.jpeg 1024w, http:\/\/www.musikverein-wustweiler.de\/wp-content\/uploads\/2024\/07\/IMG_3673-300x225.jpeg 300w, http:\/\/www.musikverein-wustweiler.de\/wp-content\/uploads\/2024\/07\/IMG_3673-768x576.jpeg 768w, http:\/\/www.musikverein-wustweiler.de\/wp-content\/uploads\/2024\/07\/IMG_3673-1536x1152.jpeg 1536w, http:\/\/www.musikverein-wustweiler.de\/wp-content\/uploads\/2024\/07\/IMG_3673-2048x1536.jpeg 2048w, http:\/\/www.musikverein-wustweiler.de\/wp-content\/uploads\/2024\/07\/IMG_3673-400x300.jpeg 400w\" sizes=\"(max-width: 584px) 100vw, 584px\" \/><\/a><\/h2>\n<h2><strong><a href=\"http:\/\/www.musikverein-wustweiler.de\/wp-content\/uploads\/2022\/04\/WhatsApp-Image-2022-05-01-at-18.31.25-2.jpeg\"><img loading=\"lazy\" class=\"alignnone wp-image-2509 \" src=\"http:\/\/www.musikverein-wustweiler.de\/wp-content\/uploads\/2022\/04\/WhatsApp-Image-2022-05-01-at-18.31.25-2-1024x345.jpeg\" alt=\"\" width=\"584\" height=\"197\" srcset=\"http:\/\/www.musikverein-wustweiler.de\/wp-content\/uploads\/2022\/04\/WhatsApp-Image-2022-05-01-at-18.31.25-2-1024x345.jpeg 1024w, http:\/\/www.musikverein-wustweiler.de\/wp-content\/uploads\/2022\/04\/WhatsApp-Image-2022-05-01-at-18.31.25-2-300x101.jpeg 300w, http:\/\/www.musikverein-wustweiler.de\/wp-content\/uploads\/2022\/04\/WhatsApp-Image-2022-05-01-at-18.31.25-2-768x259.jpeg 768w, http:\/\/www.musikverein-wustweiler.de\/wp-content\/uploads\/2022\/04\/WhatsApp-Image-2022-05-01-at-18.31.25-2-500x168.jpeg 500w, http:\/\/www.musikverein-wustweiler.de\/wp-content\/uploads\/2022\/04\/WhatsApp-Image-2022-05-01-at-18.31.25-2.jpeg 1463w\" sizes=\"(max-width: 584px) 100vw, 584px\" \/><\/a><\/strong><\/h2>\n\n\t\t<style type=\"text\/css\">\n\t\t\t#gallery-1 {\n\t\t\t\tmargin: auto;\n\t\t\t}\n\t\t\t#gallery-1 .gallery-item {\n\t\t\t\tfloat: left;\n\t\t\t\tmargin-top: 10px;\n\t\t\t\ttext-align: center;\n\t\t\t\twidth: 25%;\n\t\t\t}\n\t\t\t#gallery-1 img {\n\t\t\t\tborder: 2px solid #cfcfcf;\n\t\t\t}\n\t\t\t#gallery-1 .gallery-caption {\n\t\t\t\tmargin-left: 0;\n\t\t\t}\n\t\t\t\/* see gallery_shortcode() in wp-includes\/media.php *\/\n\t\t<\/style>\n\t\t<div id='gallery-1' class='gallery galleryid-60 gallery-columns-4 gallery-size-thumbnail'><dl class='gallery-item'>\n\t\t\t<dt class='gallery-icon landscape'>\n\t\t\t\t<a href='http:\/\/www.musikverein-wustweiler.de\/?attachment_id=2530'><img width=\"150\" height=\"150\" src=\"http:\/\/www.musikverein-wustweiler.de\/wp-content\/uploads\/2022\/06\/WhatsApp-Image-2022-04-24-at-21.29.03-3-150x150.jpeg\" class=\"attachment-thumbnail size-thumbnail\" alt=\"\" loading=\"lazy\" \/><\/a>\n\t\t\t<\/dt><\/dl><dl class='gallery-item'>\n\t\t\t<dt class='gallery-icon landscape'>\n\t\t\t\t<a href='http:\/\/www.musikverein-wustweiler.de\/?attachment_id=2529'><img width=\"150\" height=\"150\" src=\"http:\/\/www.musikverein-wustweiler.de\/wp-content\/uploads\/2022\/06\/WhatsApp-Image-2022-04-24-at-21.29.03-4-150x150.jpeg\" class=\"attachment-thumbnail size-thumbnail\" alt=\"\" loading=\"lazy\" \/><\/a>\n\t\t\t<\/dt><\/dl><dl class='gallery-item'>\n\t\t\t<dt class='gallery-icon portrait'>\n\t\t\t\t<a href='http:\/\/www.musikverein-wustweiler.de\/?attachment_id=2528'><img width=\"150\" height=\"150\" src=\"http:\/\/www.musikverein-wustweiler.de\/wp-content\/uploads\/2022\/06\/WhatsApp-Image-2022-04-24-at-21.29.03-150x150.jpeg\" class=\"attachment-thumbnail size-thumbnail\" alt=\"\" loading=\"lazy\" \/><\/a>\n\t\t\t<\/dt><\/dl><dl class='gallery-item'>\n\t\t\t<dt class='gallery-icon landscape'>\n\t\t\t\t<a href='http:\/\/www.musikverein-wustweiler.de\/?attachment_id=2527'><img width=\"150\" height=\"150\" src=\"http:\/\/www.musikverein-wustweiler.de\/wp-content\/uploads\/2022\/06\/WhatsApp-Image-2022-04-24-at-21.52.34-150x150.jpeg\" class=\"attachment-thumbnail size-thumbnail\" alt=\"\" loading=\"lazy\" \/><\/a>\n\t\t\t<\/dt><\/dl><br style=\"clear: both\" \/><dl class='gallery-item'>\n\t\t\t<dt class='gallery-icon landscape'>\n\t\t\t\t<a href='http:\/\/www.musikverein-wustweiler.de\/?attachment_id=2526'><img width=\"150\" height=\"150\" src=\"http:\/\/www.musikverein-wustweiler.de\/wp-content\/uploads\/2022\/06\/WhatsApp-Image-2022-04-24-at-21.52.56-150x150.jpeg\" class=\"attachment-thumbnail size-thumbnail\" alt=\"\" loading=\"lazy\" \/><\/a>\n\t\t\t<\/dt><\/dl><dl class='gallery-item'>\n\t\t\t<dt class='gallery-icon portrait'>\n\t\t\t\t<a href='http:\/\/www.musikverein-wustweiler.de\/?attachment_id=2525'><img width=\"150\" height=\"150\" src=\"http:\/\/www.musikverein-wustweiler.de\/wp-content\/uploads\/2022\/06\/WhatsApp-Image-2022-04-26-at-21.02.02-150x150.jpeg\" class=\"attachment-thumbnail size-thumbnail\" alt=\"\" loading=\"lazy\" \/><\/a>\n\t\t\t<\/dt><\/dl><dl class='gallery-item'>\n\t\t\t<dt class='gallery-icon portrait'>\n\t\t\t\t<a href='http:\/\/www.musikverein-wustweiler.de\/?attachment_id=2519'><img width=\"150\" height=\"150\" src=\"http:\/\/www.musikverein-wustweiler.de\/wp-content\/uploads\/2022\/06\/WhatsApp-Image-2022-04-26-at-21.02.04-2-150x150.jpeg\" class=\"attachment-thumbnail size-thumbnail\" alt=\"\" loading=\"lazy\" \/><\/a>\n\t\t\t<\/dt><\/dl><dl class='gallery-item'>\n\t\t\t<dt class='gallery-icon portrait'>\n\t\t\t\t<a href='http:\/\/www.musikverein-wustweiler.de\/?attachment_id=2521'><img width=\"150\" height=\"150\" src=\"http:\/\/www.musikverein-wustweiler.de\/wp-content\/uploads\/2022\/06\/WhatsApp-Image-2022-04-26-at-21.02.03-5-150x150.jpeg\" class=\"attachment-thumbnail size-thumbnail\" alt=\"\" loading=\"lazy\" \/><\/a>\n\t\t\t<\/dt><\/dl><br style=\"clear: both\" \/><dl class='gallery-item'>\n\t\t\t<dt class='gallery-icon portrait'>\n\t\t\t\t<a href='http:\/\/www.musikverein-wustweiler.de\/?attachment_id=2520'><img width=\"150\" height=\"150\" src=\"http:\/\/www.musikverein-wustweiler.de\/wp-content\/uploads\/2022\/06\/WhatsApp-Image-2022-04-26-at-21.02.03-150x150.jpeg\" class=\"attachment-thumbnail size-thumbnail\" alt=\"\" loading=\"lazy\" \/><\/a>\n\t\t\t<\/dt><\/dl><dl class='gallery-item'>\n\t\t\t<dt class='gallery-icon landscape'>\n\t\t\t\t<a href='http:\/\/www.musikverein-wustweiler.de\/?attachment_id=2522'><img width=\"150\" height=\"150\" src=\"http:\/\/www.musikverein-wustweiler.de\/wp-content\/uploads\/2022\/06\/WhatsApp-Image-2022-04-26-at-21.02.03-4-150x150.jpeg\" class=\"attachment-thumbnail size-thumbnail\" alt=\"\" loading=\"lazy\" \/><\/a>\n\t\t\t<\/dt><\/dl><dl class='gallery-item'>\n\t\t\t<dt class='gallery-icon portrait'>\n\t\t\t\t<a href='http:\/\/www.musikverein-wustweiler.de\/?attachment_id=2523'><img width=\"150\" height=\"150\" src=\"http:\/\/www.musikverein-wustweiler.de\/wp-content\/uploads\/2022\/06\/WhatsApp-Image-2022-04-26-at-21.02.03-3-150x150.jpeg\" class=\"attachment-thumbnail size-thumbnail\" alt=\"\" loading=\"lazy\" \/><\/a>\n\t\t\t<\/dt><\/dl><dl class='gallery-item'>\n\t\t\t<dt class='gallery-icon portrait'>\n\t\t\t\t<a href='http:\/\/www.musikverein-wustweiler.de\/?attachment_id=2524'><img width=\"150\" height=\"150\" src=\"http:\/\/www.musikverein-wustweiler.de\/wp-content\/uploads\/2022\/06\/WhatsApp-Image-2022-04-26-at-21.02.03-2-150x150.jpeg\" class=\"attachment-thumbnail size-thumbnail\" alt=\"\" loading=\"lazy\" \/><\/a>\n\t\t\t<\/dt><\/dl><br style=\"clear: both\" \/><dl class='gallery-item'>\n\t\t\t<dt class='gallery-icon portrait'>\n\t\t\t\t<a href='http:\/\/www.musikverein-wustweiler.de\/?attachment_id=2518'><img width=\"150\" height=\"150\" src=\"http:\/\/www.musikverein-wustweiler.de\/wp-content\/uploads\/2022\/06\/WhatsApp-Image-2022-04-26-at-21.02.04-3-150x150.jpeg\" class=\"attachment-thumbnail size-thumbnail\" alt=\"\" loading=\"lazy\" \/><\/a>\n\t\t\t<\/dt><\/dl><dl class='gallery-item'>\n\t\t\t<dt class='gallery-icon portrait'>\n\t\t\t\t<a href='http:\/\/www.musikverein-wustweiler.de\/?attachment_id=2517'><img width=\"150\" height=\"150\" src=\"http:\/\/www.musikverein-wustweiler.de\/wp-content\/uploads\/2022\/06\/WhatsApp-Image-2022-04-26-at-21.02.04-150x150.jpeg\" class=\"attachment-thumbnail size-thumbnail\" alt=\"\" loading=\"lazy\" \/><\/a>\n\t\t\t<\/dt><\/dl><dl class='gallery-item'>\n\t\t\t<dt class='gallery-icon landscape'>\n\t\t\t\t<a href='http:\/\/www.musikverein-wustweiler.de\/?attachment_id=2516'><img width=\"150\" height=\"150\" src=\"http:\/\/www.musikverein-wustweiler.de\/wp-content\/uploads\/2022\/06\/WhatsApp-Image-2022-05-01-at-18.31.24-150x150.jpeg\" class=\"attachment-thumbnail size-thumbnail\" alt=\"\" loading=\"lazy\" \/><\/a>\n\t\t\t<\/dt><\/dl><dl class='gallery-item'>\n\t\t\t<dt class='gallery-icon landscape'>\n\t\t\t\t<a href='http:\/\/www.musikverein-wustweiler.de\/?attachment_id=2515'><img width=\"150\" height=\"150\" src=\"http:\/\/www.musikverein-wustweiler.de\/wp-content\/uploads\/2022\/06\/WhatsApp-Image-2022-05-01-at-18.31.25-2-150x150.jpeg\" class=\"attachment-thumbnail size-thumbnail\" alt=\"\" loading=\"lazy\" \/><\/a>\n\t\t\t<\/dt><\/dl><br style=\"clear: both\" \/><dl class='gallery-item'>\n\t\t\t<dt class='gallery-icon landscape'>\n\t\t\t\t<a href='http:\/\/www.musikverein-wustweiler.de\/?attachment_id=2514'><img width=\"150\" height=\"150\" src=\"http:\/\/www.musikverein-wustweiler.de\/wp-content\/uploads\/2022\/06\/WhatsApp-Image-2022-05-01-at-18.31.25-1-150x150.jpeg\" class=\"attachment-thumbnail size-thumbnail\" alt=\"\" loading=\"lazy\" \/><\/a>\n\t\t\t<\/dt><\/dl><dl class='gallery-item'>\n\t\t\t<dt class='gallery-icon landscape'>\n\t\t\t\t<a href='http:\/\/www.musikverein-wustweiler.de\/?attachment_id=2513'><img width=\"150\" height=\"150\" src=\"http:\/\/www.musikverein-wustweiler.de\/wp-content\/uploads\/2022\/06\/WhatsApp-Image-2022-05-01-at-18.31.26-2-150x150.jpeg\" class=\"attachment-thumbnail size-thumbnail\" alt=\"\" loading=\"lazy\" \/><\/a>\n\t\t\t<\/dt><\/dl><dl class='gallery-item'>\n\t\t\t<dt class='gallery-icon landscape'>\n\t\t\t\t<a href='http:\/\/www.musikverein-wustweiler.de\/?attachment_id=2512'><img width=\"150\" height=\"150\" src=\"http:\/\/www.musikverein-wustweiler.de\/wp-content\/uploads\/2022\/06\/WhatsApp-Image-2022-05-01-at-18.31.26-3-150x150.jpeg\" class=\"attachment-thumbnail size-thumbnail\" alt=\"\" loading=\"lazy\" \/><\/a>\n\t\t\t<\/dt><\/dl><dl class='gallery-item'>\n\t\t\t<dt class='gallery-icon landscape'>\n\t\t\t\t<a href='http:\/\/www.musikverein-wustweiler.de\/?attachment_id=2511'><img width=\"150\" height=\"150\" src=\"http:\/\/www.musikverein-wustweiler.de\/wp-content\/uploads\/2022\/06\/WhatsApp-Image-2022-05-01-at-18.31.26-150x150.jpeg\" class=\"attachment-thumbnail size-thumbnail\" alt=\"\" loading=\"lazy\" \/><\/a>\n\t\t\t<\/dt><\/dl><br style=\"clear: both\" \/><dl class='gallery-item'>\n\t\t\t<dt class='gallery-icon landscape'>\n\t\t\t\t<a href='http:\/\/www.musikverein-wustweiler.de\/?attachment_id=2509'><img width=\"150\" height=\"150\" src=\"http:\/\/www.musikverein-wustweiler.de\/wp-content\/uploads\/2022\/04\/WhatsApp-Image-2022-05-01-at-18.31.25-2-150x150.jpeg\" class=\"attachment-thumbnail size-thumbnail\" alt=\"\" loading=\"lazy\" \/><\/a>\n\t\t\t<\/dt><\/dl><dl class='gallery-item'>\n\t\t\t<dt class='gallery-icon landscape'>\n\t\t\t\t<a href='http:\/\/www.musikverein-wustweiler.de\/?attachment_id=2506'><img width=\"150\" height=\"150\" src=\"http:\/\/www.musikverein-wustweiler.de\/wp-content\/uploads\/2022\/04\/WhatsApp-Image-2022-05-01-at-18.31.26-3-150x150.jpeg\" class=\"attachment-thumbnail size-thumbnail\" alt=\"\" loading=\"lazy\" \/><\/a>\n\t\t\t<\/dt><\/dl>\n\t\t\t<br style='clear: both' \/>\n\t\t<\/div>\n\n<h2 style=\"text-align: center;\"><strong>Die Idee hinter dem Projekt:<\/strong><\/h2>\n<p>Das Jahr 2020 war f\u00fcr die Musiker aus Wustweiler ein echter Neuanfang. Nach mehreren erfolgreichen Jahren in einer Spielgemeinschaft zusammen mit dem Musikverein aus H\u00fcttigweiler haben sich beide Vereine musikalisch getrennt und f\u00fchren die musikalische Arbeit nun getrennt fort.\u00a0<\/p>\n<p>Die Musiker des Musikverein Wustweiler haben sich lange Gedanken gemacht, wie die musikalische Arbeit in Wustweiler weitergehen soll und neu f\u00fcr die Zukunft aufgestellt werden kann. Das Ergebnis ist ein komplett neues Musikkonzept.<\/p>\n<p>So wurde die\u00a0<strong>\u201eDorfband&#8220; <\/strong>Wustweiler gegr\u00fcndet.<\/p>\n<p><a href=\"http:\/\/www.musikverein-wustweiler.de\/?attachment_id=2251\" rel=\"attachment wp-att-2251\"><img loading=\"lazy\" class=\"wp-image-2251 size-large\" src=\"http:\/\/www.musikverein-wustweiler.de\/wp-content\/uploads\/2020\/12\/Standbild-MV-1024x576.jpg\" alt=\"\" width=\"584\" height=\"329\" srcset=\"http:\/\/www.musikverein-wustweiler.de\/wp-content\/uploads\/2020\/12\/Standbild-MV-1024x576.jpg 1024w, http:\/\/www.musikverein-wustweiler.de\/wp-content\/uploads\/2020\/12\/Standbild-MV-300x169.jpg 300w, http:\/\/www.musikverein-wustweiler.de\/wp-content\/uploads\/2020\/12\/Standbild-MV-768x432.jpg 768w, http:\/\/www.musikverein-wustweiler.de\/wp-content\/uploads\/2020\/12\/Standbild-MV-500x281.jpg 500w, http:\/\/www.musikverein-wustweiler.de\/wp-content\/uploads\/2020\/12\/Standbild-MV.jpg 1920w\" sizes=\"(max-width: 584px) 100vw, 584px\" \/><\/a>Diese neue Formation versteht sich nicht als Blasorchester, sondern vielmehr als Band f\u00fcr Musiker aus der Region. Es gibt keinen klassischen Dirigenten, sondern, \u00e4hnlich wie im Fu\u00dfball, zwei \u201eSpielertrainer\u201c. Thorsten Koch und Fabian Scheid, beides Musikprofis aus der Region, leiten die Combo und spielen gleichzeitig als Musiker selbst mit.<\/p>\n<div id=\"attachment_2252\" style=\"width: 160px\" class=\"wp-caption alignleft\"><a href=\"http:\/\/www.musikverein-wustweiler.de\/?attachment_id=2252\" rel=\"attachment wp-att-2252\"><img aria-describedby=\"caption-attachment-2252\" loading=\"lazy\" class=\"wp-image-2252 size-thumbnail\" src=\"http:\/\/www.musikverein-wustweiler.de\/wp-content\/uploads\/2020\/12\/50395135_2514780002082399_6707441518401028096_o-150x150.jpg\" alt=\"\" width=\"150\" height=\"150\" \/><\/a><p id=\"caption-attachment-2252\" class=\"wp-caption-text\">Fabian Scheid<\/p><\/div>\n<p>\u00a0<\/p>\n<div id=\"attachment_2253\" style=\"width: 160px\" class=\"wp-caption alignleft\"><a href=\"http:\/\/www.musikverein-wustweiler.de\/?attachment_id=2253\" rel=\"attachment wp-att-2253\"><img aria-describedby=\"caption-attachment-2253\" loading=\"lazy\" class=\"wp-image-2253 size-thumbnail\" src=\"http:\/\/www.musikverein-wustweiler.de\/wp-content\/uploads\/2020\/12\/thorsten_koch_1000-150x150.jpg\" alt=\"\" width=\"150\" height=\"150\" \/><\/a><p id=\"caption-attachment-2253\" class=\"wp-caption-text\">Thorsten Koch<strong style=\"color: #23282d; font-size: 1.6em; text-align: center;\">\u00a0<\/strong><\/p><\/div>\n<h2>\u00a0<\/h2>\n<h2>\u00a0<\/h2>\n<h2 style=\"text-align: center;\"><strong>Fakten zur &#8222;Dorfband&#8220;<\/strong><\/h2>\n<p><strong>Orchester oder Band &#8211; was sind wir?<\/strong><\/p>\n<p>Die Formation versteht sich als Band, die \u00fcberall auftreten kann, wo unterhaltende Musik gew\u00fcnscht wird.<\/p>\n<p>Klassische\u00a0Orchesterauftritte wie Sankt Martin, Volkstrauertag, Weihnachtsblasen etc.\u00a0sind kein Bestandteil der Band. Diese Auftritte werden von\u00a0Musikern aus Wustweiler auch weiterhin in einer kleinen Formation gespielt.\u00a0<\/p>\n<p><a href=\"http:\/\/www.musikverein-wustweiler.de\/wp-content\/uploads\/2021\/11\/IMG_3026.jpeg\"><img loading=\"lazy\" class=\"alignnone wp-image-2430 size-thumbnail\" src=\"http:\/\/www.musikverein-wustweiler.de\/wp-content\/uploads\/2021\/11\/IMG_3026-150x150.jpeg\" alt=\"\" width=\"150\" height=\"150\" \/><\/a> <a href=\"http:\/\/www.musikverein-wustweiler.de\/wp-content\/uploads\/2021\/11\/IMG_3033.jpeg\"><img loading=\"lazy\" class=\"alignnone wp-image-2432 size-thumbnail\" src=\"http:\/\/www.musikverein-wustweiler.de\/wp-content\/uploads\/2021\/11\/IMG_3033-150x150.jpeg\" alt=\"\" width=\"150\" height=\"150\" \/><\/a> <a href=\"http:\/\/www.musikverein-wustweiler.de\/wp-content\/uploads\/2021\/11\/Sankt-Martin.jpeg\"><img loading=\"lazy\" class=\"alignnone size-medium wp-image-2433\" src=\"http:\/\/www.musikverein-wustweiler.de\/wp-content\/uploads\/2021\/11\/Sankt-Martin-300x225.jpeg\" alt=\"\" width=\"300\" height=\"225\" srcset=\"http:\/\/www.musikverein-wustweiler.de\/wp-content\/uploads\/2021\/11\/Sankt-Martin-300x225.jpeg 300w, http:\/\/www.musikverein-wustweiler.de\/wp-content\/uploads\/2021\/11\/Sankt-Martin-768x576.jpeg 768w, http:\/\/www.musikverein-wustweiler.de\/wp-content\/uploads\/2021\/11\/Sankt-Martin-1024x768.jpeg 1024w, http:\/\/www.musikverein-wustweiler.de\/wp-content\/uploads\/2021\/11\/Sankt-Martin-400x300.jpeg 400w\" sizes=\"(max-width: 300px) 100vw, 300px\" \/><\/a><\/p>\n<p>\u00a0<\/p>\n<p><a href=\"http:\/\/www.musikverein-wustweiler.de\/wp-content\/uploads\/2021\/11\/Bandprojekt-Wustweiler2-1.jpg\"><img loading=\"lazy\" class=\"aligncenter wp-image-2421 size-large\" title=\"Fotograf: Maria Boewen-D\u00f6rr\" src=\"http:\/\/www.musikverein-wustweiler.de\/wp-content\/uploads\/2021\/11\/Bandprojekt-Wustweiler2-1-1024x683.jpg\" alt=\"\" width=\"584\" height=\"390\" srcset=\"http:\/\/www.musikverein-wustweiler.de\/wp-content\/uploads\/2021\/11\/Bandprojekt-Wustweiler2-1-1024x683.jpg 1024w, http:\/\/www.musikverein-wustweiler.de\/wp-content\/uploads\/2021\/11\/Bandprojekt-Wustweiler2-1-300x200.jpg 300w, http:\/\/www.musikverein-wustweiler.de\/wp-content\/uploads\/2021\/11\/Bandprojekt-Wustweiler2-1-768x512.jpg 768w, http:\/\/www.musikverein-wustweiler.de\/wp-content\/uploads\/2021\/11\/Bandprojekt-Wustweiler2-1-450x300.jpg 450w\" sizes=\"(max-width: 584px) 100vw, 584px\" \/><\/a><\/p>\n<p><strong>Repertoire:<\/strong><\/p>\n<p>Auf unserem Programm stehen moderne Pop-, Rock-Titel aber auch alte und neue Musikklassiker. Nichts muss, alles kann. Sinfonische Blasmusik und Free-Jazz sind es aber definitiv nicht. Vielmehr spielt die Band qualitative Unterhaltungsmusik, die der Formation und dem Publikum Freude macht.<\/p>\n<p><strong>Wo treten wir auf?<\/strong><\/p>\n<p>Vom Gartenfest \u00fcber Dorffest bis hin zu Silvester am Brandenburger Tor ist alles denkbar. Voraussetzung: Publikum, Getr\u00e4nke und Strom f\u00fcr unsere elektronischen Instrumente.<\/p>\n<p><strong>Proben:<\/strong><\/p>\n<p>Unsere Proben finden regelm\u00e4\u00dfig (ca. zwei Mal im Monat) nach gemeinsamer Absprache im Proberaum des Musikverein Wustweiler statt.\u00a0Es gibt keinen fixen Termin oder Tag. Daher sind wir sehr flexibel.\u00a0<\/p>\n<p><strong>Auftrittsanfragen:<\/strong><\/p>\n<p>Anfragen f\u00fcr die &#8222;Dorfband&#8220; oder f\u00fcr klassische Auftritte der Wustweiler Musiker k\u00f6nnen an info@musikverein-wustweiler oder per Telefon unter 0160-4107104 gerichtet werden.<\/p>\n<p><strong>Was bleibt beim Musikverein Wustweiler?<\/strong><\/p>\n<p>Wie bereits beschrieben, f\u00fchlen wir uns trotz der neuen Bandformation auch den traditionellen Terminen in Wustweiler und Umgebung weiterhin verbunden.<\/p>\n<p>Auch die Jugendarbeit mit der musikalischen Ausbildung und dem Jugendorchester ILLJO (in Kooperation mit dem Musikverein H\u00fcttigweiler) bleiben beim Musikverein Wustweiler bestehen. Der Verein wird sich auch weiterhin aktiv am Dorfgeschehen (z.B. Stand am Dorffest) beteiligen.<\/p>\n<p>Aktivit\u00e4ten neben der Musik werden beim Musikverein Wustweiler gro\u00df geschrieben. Mit Ausfl\u00fcgen z.B. in den Holiday Park, vereinsinternen Weinproben oder zu verschiedenen anderen Aktionen wie z.B. das Weihnachtsvideo des &#8222;Dorfbandprojektes&#8220; , wird es nie langweilig im Verein.\u00a0<\/p>\n<p>Mehr zu unseren Vereinsaktivit\u00e4ten finden Sie in der <a href=\"http:\/\/www.musikverein-wustweiler.de\/wp-content\/uploads\/2019\/07\/chronik-mvw.2pdf.pdf\">Vereins-Chronik<\/a>.<\/p>\n<p><strong>Wir bilden auch aus!<\/strong><\/p>\n<p>Ob als Nachwuchsinstrumentalist in Blockfl\u00f6tengruppen, Sch\u00fcler an verschiedenen Instrumenten, Mitglied im Jugendorchester ILLJO, als aktiver Musiker im Dorfbandprojekt oder einfach als F\u00f6rderer und tatkr\u00e4ftiger Helfer, jeder ist im Musikverein Wustweiler willkommen.<\/p>\n<p>Bild der ehemaligen Spielgemeinschaft der Musikvereine H\u00fcttigweiler \/ Wustweiler.\u00a0<\/p>\n<p><a href=\"http:\/\/www.musikverein-wustweiler.de\/?attachment_id=1692\" rel=\"attachment wp-att-1692\"><img loading=\"lazy\" class=\"aligncenter wp-image-1692 size-large\" src=\"http:\/\/www.musikverein-wustweiler.de\/wp-content\/uploads\/2018\/07\/anhang1-1024x768.jpg\" alt=\"anhang1\" width=\"584\" height=\"438\" srcset=\"http:\/\/www.musikverein-wustweiler.de\/wp-content\/uploads\/2018\/07\/anhang1-1024x768.jpg 1024w, http:\/\/www.musikverein-wustweiler.de\/wp-content\/uploads\/2018\/07\/anhang1-300x225.jpg 300w, http:\/\/www.musikverein-wustweiler.de\/wp-content\/uploads\/2018\/07\/anhang1-768x576.jpg 768w, http:\/\/www.musikverein-wustweiler.de\/wp-content\/uploads\/2018\/07\/anhang1-400x300.jpg 400w\" sizes=\"(max-width: 584px) 100vw, 584px\" \/><\/a><\/p>\n\n\n<p><\/p>\n","protected":false},"excerpt":{"rendered":"<p>&#8222;Hallo, wir sind die DORFBAND&#8220; \u00a0 \u00a0 Die Band-Besetzung: Unsere Formation ist offen f\u00fcr alle Instrumente. Von Klarinetten bis E-Bass und Gesang, von Klavier bis Trompete und Posaunen. Der Besetzung sind keine Grenzen gesetzt. Derzeit spielen in der Stammbesetzung ca. &hellip; <a href=\"http:\/\/www.musikverein-wustweiler.de\/?page_id=60\">Weiterlesen <span class=\"meta-nav\">&rarr;<\/span><\/a><\/p>\n","protected":false},"author":1,"featured_media":0,"parent":0,"menu_order":2,"comment_status":"closed","ping_status":"closed","template":"","meta":[],"_links":{"self":[{"href":"http:\/\/www.musikverein-wustweiler.de\/index.php?rest_route=\/wp\/v2\/pages\/60"}],"collection":[{"href":"http:\/\/www.musikverein-wustweiler.de\/index.php?rest_route=\/wp\/v2\/pages"}],"about":[{"href":"http:\/\/www.musikverein-wustweiler.de\/index.php?rest_route=\/wp\/v2\/types\/page"}],"author":[{"embeddable":true,"href":"http:\/\/www.musikverein-wustweiler.de\/index.php?rest_route=\/wp\/v2\/users\/1"}],"replies":[{"embeddable":true,"href":"http:\/\/www.musikverein-wustweiler.de\/index.php?rest_route=%2Fwp%2Fv2%2Fcomments&post=60"}],"version-history":[{"count":44,"href":"http:\/\/www.musikverein-wustweiler.de\/index.php?rest_route=\/wp\/v2\/pages\/60\/revisions"}],"predecessor-version":[{"id":2780,"href":"http:\/\/www.musikverein-wustweiler.de\/index.php?rest_route=\/wp\/v2\/pages\/60\/revisions\/2780"}],"wp:attachment":[{"href":"http:\/\/www.musikverein-wustweiler.de\/index.php?rest_route=%2Fwp%2Fv2%2Fmedia&parent=60"}],"curies":[{"name":"wp","href":"https:\/\/api.w.org\/{rel}","templated":true}]}}